{"id":979,"date":"2018-03-17T16:35:55","date_gmt":"2018-03-17T15:35:55","guid":{"rendered":"http:\/\/www.leslabadous.fr\/museums-and-gardens-copy\/"},"modified":"2018-04-21T11:39:01","modified_gmt":"2018-04-21T10:39:01","slug":"museums-and-gardens-copy","status":"publish","type":"page","link":"https:\/\/www.leslabadous.fr\/?page_id=979","title":{"rendered":"Mus\u00e9es et jardins"},"content":{"rendered":"<p>Les <strong>mus\u00e9es<\/strong> de la r\u00e9gion sont d\u00e9di\u00e9s \u00e0 un large \u00e9ventail de sujets, de l&#8217;histoire naturelle aux arts et \u00e0 l&#8217;histoire:<\/p>\n<ul>\n<li><img loading=\"lazy\" decoding=\"async\" src=\"http:\/\/www.leslabadous.fr\/wp-content\/uploads\/2018\/01\/Sauni\u00e8re-Mus\u00e9e-205x300.jpg\" alt=\"\" width=\"205\" height=\"300\" class=\"size-medium wp-image-660 alignleft\" srcset=\"https:\/\/www.leslabadous.fr\/wp-content\/uploads\/2018\/01\/Sauni\u00e8re-Mus\u00e9e-205x300.jpg 205w, https:\/\/www.leslabadous.fr\/wp-content\/uploads\/2018\/01\/Sauni\u00e8re-Mus\u00e9e.jpg 244w\" sizes=\"auto, (max-width: 205px) 100vw, 205px\" \/><img loading=\"lazy\" decoding=\"async\" src=\"http:\/\/www.leslabadous.fr\/wp-content\/uploads\/2018\/01\/Amphoralis-mus\u00e9e-121x300.jpg\" alt=\"\" width=\"121\" height=\"300\" class=\"size-medium wp-image-539 alignright\" srcset=\"https:\/\/www.leslabadous.fr\/wp-content\/uploads\/2018\/01\/Amphoralis-mus\u00e9e-121x300.jpg 121w, https:\/\/www.leslabadous.fr\/wp-content\/uploads\/2018\/01\/Amphoralis-mus\u00e9e-768x1897.jpg 768w, https:\/\/www.leslabadous.fr\/wp-content\/uploads\/2018\/01\/Amphoralis-mus\u00e9e-415x1024.jpg 415w, https:\/\/www.leslabadous.fr\/wp-content\/uploads\/2018\/01\/Amphoralis-mus\u00e9e.jpg 1004w\" sizes=\"auto, (max-width: 121px) 100vw, 121px\" \/><a href=\"http:\/\/www.portail-rennes-le-chateau.com\/musee-rennes-le-chateau.html\" target=\"_blank\" rel=\"noopener\">Le Mus\u00e9e B\u00e9renger Sauni\u00e8re\u00a0<\/a>: Documents et t\u00e9moignages de Rennes-le-Ch\u00e2teau, du pr\u00eatre l\u00e9gendaire \u00e0 sa vie au village, le r\u00f4le fondamental qu&#8217;il a jou\u00e9 pour son \u00e9glise et son impact depuis &#8230;<a href=\"http:\/\/www.dinosauria.org\/\"><\/a><\/li>\n<li><a href=\"http:\/\/www.dinosauria.org\/\">Le Mus\u00e9e des Dinosaures d\u2019<em>Esp\u00e9raza<\/em><\/a>\u00a0: Exposition de fossiles importants trouv\u00e9s dans la r\u00e9gion, y compris des dinosaures spectaculaires. Le mus\u00e9e abrite \u00e9galement une exposition sur l&#8217;industrie locale autrefois importante : production des chapeaux en feutre. Les deux ont disparu, mais les dinosaures sont partis plus t\u00f4t!<\/li>\n<li><a href=\"http:\/\/www.musee-piano-limoux.sitew.fr\" target=\"_blank\" rel=\"noopener\">Mus\u00e9e du Piano<\/a> (Limoux) : Des centaines de pianos, histoire etc.<\/li>\n<li><a href=\"http:\/\/www.musee-petiet-limoux.sitew.fr\" target=\"_blank\" rel=\"noopener\">Mus\u00e9e de Peinture Petiet<\/a> (Limoux) : Peintures pour la plupart du 19\u00e8me \/ 20\u00e8me si\u00e8cle.<\/li>\n<li><a href=\"http:\/\/www.musee-inquisition-carcassonne.com\" target=\"_blank\" rel=\"noopener\">Mus\u00e9e de l&#8217;Inquisition<\/a> situ\u00e9 dans la <a href=\"https:\/\/www.youtube.com\/watch?v=xbCTdPg1ZvQ\" target=\"_blank\" rel=\"noopener\">Cit\u00e9 de Carcassonne :<\/a>\u00a0Il montre des \u00e9l\u00e9ments de la torture et de r\u00e9pression de la p\u00e9riode des Cathars.<\/li>\n<li>Le <a href=\"https:\/\/maison-des-memoires.webnode.fr\" target=\"_blank\" rel=\"noopener\">Mus\u00e9e du Catharisme<\/a> (pr\u00e8s de Castres) raconte la trag\u00e9die de ce <span>christianisme dissident<\/span>\u00a0du XIIIe au XVe si\u00e8cle.<\/li>\n<li>Le Mus\u00e9e\u00a0<a href=\"http:\/\/450000ans.com\" target=\"_blank\" rel=\"noopener\">Tautavel<\/a><a href=\"http:\/\/www.prehistorictourist.com\/tautavel-museum\/\" target=\"_blank\" rel=\"noopener\"><\/a>\u00a0montre comment nos pr\u00e9d\u00e9cesseurs vivaient il y a 450&#8217;000 ans pr\u00e8s de la grotte d&#8217;Arago.<\/li>\n<li><a href=\"http:\/\/www.narbonne.fr\/musee-art-histoire\" target=\"_blank\" rel=\"noopener\">Mus\u00e9e d&#8217;Art et d&#8217;Histoire<\/a>\u00a0(Narbonne)\u00a0<a href=\"http:\/\/www.amisdesmusees-narbonne.org\/musees\/lapidaire.html\"><\/a><span style=\"color: #000000;\">:\u00a0<\/span>Collection d&#8217;art europ\u00e9en (16-19\u00e8me si\u00e8cle) et <span>fa\u00efences (17\u00e8me et 18\u00e8me si\u00e8cles)<\/span><\/li>\n<li><a href=\"http:\/\/www.enserune.monuments-nationaux.fr\/\">Mus\u00e9e National d&#8217;Ans\u00e9rine\u00a0<\/a><span style=\"color: #000000;\">:\u00a0<\/span>Un mus\u00e9e d&#8217;histoire et un site arch\u00e9ologique d&#8217;une ville gauloise<\/li>\n<li><a href=\"http:\/\/culture.legrandnarbonne.com\/421-amphoralis.html\">Mus\u00e9e des Potiers Gallo-Romains d&#8217;Amphoralis\u00a0<\/a><span style=\"color: #000000;\">:\u00a0<\/span>Ce mus\u00e9e se trouve sur un site de fouilles d&#8217;une poterie gallo-romaine pr\u00e8s de Narbonne.<\/li>\n<li>Veuillez noter : Le <em>Mus\u00e9e Lapidaire<\/em> et le <em>Mus\u00e9e Arch\u00e9ologique de Narbonne<\/em>\u00a0ont ferm\u00e9 en 2017.<br \/>\nUn grand nouveau complexe <a href=\"https:\/\/www.studiogardere.com\/fr\/projets\/museographie\/musee-antique-de-narbonne\/\" target=\"_blank\" rel=\"noopener\">Narbovia<\/a> accueillera leurs tr\u00e9sors et bien plus encore. Ce mus\u00e9e r\u00e9gional de la Narbonne Antique ouvrira ses portes en 2020.<\/li>\n<\/ul>\n<p>Des <strong>jardins<\/strong>\u00a0vous invitent :<\/p>\n<ul>\n<li><a href=\"http:\/\/www.labouichere.com\/\">La Bouich\u00e8re &#8211; Jardin aux Plantes parfum\u00e9es\u00a0<\/a>: Un jardin de parfums &#8211; Patrick S\u00fcskind l&#8217;adorerait.<\/li>\n<li><a href=\"https:\/\/www.papillonsdamarante.com\" target=\"_blank\" rel=\"noopener\">Les Papillons d&#8217;Amarante\u00a0<\/a>: Un monde de plantes et de papillons, plusieurs centaines d&#8217;esp\u00e8ces de chaque.<img loading=\"lazy\" decoding=\"async\" src=\"http:\/\/www.leslabadous.fr\/wp-content\/uploads\/2018\/02\/Sigean-nature-reserve-300x200.jpg\" alt=\"\" width=\"300\" height=\"200\" class=\"size-medium wp-image-699 alignright\" srcset=\"https:\/\/www.leslabadous.fr\/wp-content\/uploads\/2018\/02\/Sigean-nature-reserve-300x200.jpg 300w, https:\/\/www.leslabadous.fr\/wp-content\/uploads\/2018\/02\/Sigean-nature-reserve-360x240.jpg 360w, https:\/\/www.leslabadous.fr\/wp-content\/uploads\/2018\/02\/Sigean-nature-reserve.jpg 480w\" sizes=\"auto, (max-width: 300px) 100vw, 300px\" \/><\/li>\n<li><a href=\"http:\/\/www.francethisway.com\/places\/sigean-nature-reserve.php\" target=\"_blank\" rel=\"noopener\">Sigean African Nature Reserve :<\/a>\u00a0Des milliers d&#8217;animaux \u2013 flamants roses, rhinoc\u00e9ros, z\u00e8bres, ours, lions&#8230; \u2013 dans des habitats vari\u00e9s, en semi-libert\u00e9 sur 300 hectares au sud de Narbonne.<\/li>\n<li><a href=\"http:\/\/www.picarel-cerf.com\/\">Elevage de biches de Picarel\u00a0<\/a>: Une ferme d&#8217;animaux avec des cerfs et des faons en libert\u00e9. (Les visites sont possibles uniquement pour les groupes et n\u00e9cessitent une r\u00e9servation.)<\/li>\n<\/ul>\n","protected":false},"excerpt":{"rendered":"<p>Les mus\u00e9es de la r\u00e9gion sont d\u00e9di\u00e9s \u00e0 un large \u00e9ventail de sujets, de l&#8217;histoire naturelle aux arts et \u00e0 l&#8217;histoire: Le Mus\u00e9e B\u00e9renger Sauni\u00e8re\u00a0: Documents et t\u00e9moignages de Rennes-le-Ch\u00e2teau, du pr\u00eatre l\u00e9gendaire \u00e0 sa vie au village, le r\u00f4le fondamental qu&#8217;il a jou\u00e9 pour son \u00e9glise et son impact [&hellip;]<\/p>\n","protected":false},"author":2,"featured_media":537,"parent":0,"menu_order":0,"comment_status":"closed","ping_status":"closed","template":"","meta":{"footnotes":""},"class_list":["post-979","page","type-page","status-publish","has-post-thumbnail","hentry"],"_links":{"self":[{"href":"https:\/\/www.leslabadous.fr\/index.php?rest_route=\/wp\/v2\/pages\/979","targetHints":{"allow":["GET"]}}],"collection":[{"href":"https:\/\/www.leslabadous.fr\/index.php?rest_route=\/wp\/v2\/pages"}],"about":[{"href":"https:\/\/www.leslabadous.fr\/index.php?rest_route=\/wp\/v2\/types\/page"}],"author":[{"embeddable":true,"href":"https:\/\/www.leslabadous.fr\/index.php?rest_route=\/wp\/v2\/users\/2"}],"replies":[{"embeddable":true,"href":"https:\/\/www.leslabadous.fr\/index.php?rest_route=%2Fwp%2Fv2%2Fcomments&post=979"}],"version-history":[{"count":6,"href":"https:\/\/www.leslabadous.fr\/index.php?rest_route=\/wp\/v2\/pages\/979\/revisions"}],"predecessor-version":[{"id":1321,"href":"https:\/\/www.leslabadous.fr\/index.php?rest_route=\/wp\/v2\/pages\/979\/revisions\/1321"}],"wp:featuredmedia":[{"embeddable":true,"href":"https:\/\/www.leslabadous.fr\/index.php?rest_route=\/wp\/v2\/media\/537"}],"wp:attachment":[{"href":"https:\/\/www.leslabadous.fr\/index.php?rest_route=%2Fwp%2Fv2%2Fmedia&parent=979"}],"curies":[{"name":"wp","href":"https:\/\/api.w.org\/{rel}","templated":true}]}}